{"id":165,"date":"2020-02-25T14:24:11","date_gmt":"2020-02-25T13:24:11","guid":{"rendered":"http:\/\/www.vigneticonte.it\/?page_id=165"},"modified":"2022-05-11T10:24:13","modified_gmt":"2022-05-11T08:24:13","slug":"home","status":"publish","type":"page","link":"https:\/\/www.vigneticonte.it\/de\/","title":{"rendered":"Home"},"content":{"rendered":"<div class=\"wpb-content-wrapper\"><section id=\"about\" class=\"content-section full-width with-col cover custom-padding rella-no-margin    content-section-69f37ce4652e7\" data-background=https:\/\/www.vigneticonte.it\/wp-content\/uploads\/2022\/04\/vigneti-conte-hero-scaled.jpg><div class=\"row vc_row-fluid\"><div class=\"wpb_column col-md-8 col-md-offset-2 col-sm-offset-0 align-center\"><div class=\"section-text text-block align-center\" style=\"color:#000000;font-size:3rem;\"><p>B&amp;B La Contessa<\/p>\n<\/div>[vc_separator color=&#8221;black&#8221; border_width=&#8221;5&#8243; el_width=&#8221;60&#8243;]<div class=\"section-text text-block align-center\" style=\"color:#000000;font-size:3rem;\"><p>Vigneti Conte<\/p>\n<\/div><\/div><\/div><\/section><section  id=\"vigneti\" class=\"content-section full-width is-fluid cover rella-no-padding rella-no-margin    content-section-69f37ce465594\"><div class=\"row vc_row-fluid\"><div class=\"wpb_column col-md-12\">\t<section class=\"split-section bg-gray-lighter\">\n\t\t<div class=\"clearfix relative\">\n\t\t\t\n\t\t\t<!-- Section Headings -->\n\t\t\t<div class=\"split-section-headings right\">\n\t\t\t\t<div class=\"ssh-table\">\n\t\t\t\t\t<div class=\"ssh-cell page-section bg-scroll\" data-background=\"https:\/\/www.vigneticonte.it\/wp-content\/uploads\/2020\/02\/7004050-Modifica-e1582623210392.jpg\"><\/div>\n\t\t\t\t<\/div>\n\t\t\t<\/div>\n\t\t\t<!-- End Section Headings -->\n\t\t\t\n\t\t\t<!-- Section Content -->\n\t\t\t<div class=\"split-section-content page-section\">\n\t\t\t\t\n\t\t\t\t<div class=\"split-section-wrapper left\">\n\t\t\t\t\t\n\t\t\t\t\t<div class=\"text align-left\">\n\t\t\t\t\t\t\t\t\t\t\t\t<h2  class=\"section-title  mb-70 mb-sm-40 font-alt align-center\" >VIGNETI CONTE<\/h2><div class=\"section-text text-block \" ><p>Vigneti Conte ist ein historischer Weinanbaubetrieb, der einzige, der sich am Rand der Stadt Monfalcone befindet.<\/p>\n<p>Er wurde vor kurzem renoviert und erweitert, um allen anh\u00e4nglichen Kunden auch einen Ort zum Kosten von Weinen und lokalen Produkten anzubieten. Zur Verf\u00fcgung steht auch ein gro\u00dfer Innen- und Au\u00dfenbereich f\u00fcr Verkostungen, Treffen und Veranstaltungen, sowie Mittags- und Abendessen nach vorheriger Reservierung.<\/p>\n<p>F\u00fcr die Weinliebhaber ist es m\u00f6glich, die Kellerei w\u00e4hrend des ganzen Jahrs und der Veranstaltung \u201eCantine Aperte\u201c (letztes Wochenende im Mai) zu besichtigen.<\/p>\n<p>Die Kellerei befindet sich auf den Wein- und Genussstra\u00dfen Friaul-Julisch Venetiens.<\/p>\n<\/div>\t\t\t\t\t<\/div>\n\n\t\t\t\t\t\n\t\t\t\t<\/div>\n\t\t\t\t\n\t\t\t<\/div>\n\t\t\t<!-- End Section Content -->\n\t\n\t\t<\/div>\n\t<\/section>\n\t<\/div><\/div><\/section><section  id=\"lacontessa\" class=\"content-section full-width with-col cover custom-padding custom-margin   mb-60  content-section-69f37ce465d89\"><div class=\"row vc_row-fluid\"><div class=\"wpb_column col-md-8 col-md-offset-2 col-sm-offset-0 align-center\"><h2  class=\"section-title  mb-70 mb-sm-40 font-alt align-center\" >B&amp;B La Contessa<\/h2><div class=\"section-text text-block \" ><p>B&amp;B La Contessa ist das Ergebnis der Restaurierung, die unter Ber\u00fccksichtigung der originalen Struktur des Palasts erfolgte, und bietet drei gro\u00dfe, geschmackvoll eingerichtete Zimmer mit privatem Badezimmer. Im Zeichen von Eleganz und Stil verf\u00fcgt jedes Zimmer \u00fcber alle Komforts: Von Klimaanlage bis zum WLAN.<\/p>\n<p>Beim Fr\u00fchst\u00fcck, das auf dem Bauernhof serviert wird, finden Sie frische lokale Produkte eigener Produktion.<\/p>\n<p>Er ist vom Hauptflughafen der Region Friaul-Julisch Venetien sowie von der Ausfahrt der Autobahn einfach zu erreichen. Er ist der perfekte Ort f\u00fcr kurze und l\u00e4ngere Aufenthalte im nord\u00f6stlichen Italien.<\/p>\n<\/div><div class=\"row multi-columns-row\"><div  class=\"col-md-4 col-lg-4 col-sm-6 mb-md-10\"><div class=\"post-prev-img\"><a href=\"https:\/\/www.vigneticonte.it\/wp-content\/uploads\/2016\/04\/camera-arancio.jpg\" class=\"lightbox-gallery-2 mfp-image\"><img decoding=\"async\" src=\"https:\/\/www.vigneticonte.it\/wp-content\/uploads\/2016\/04\/camera-arancio.jpg\" alt=\"  \" \/><\/a><\/div><\/div><div  class=\"col-md-4 col-lg-4 col-sm-6 mb-md-10\"><div class=\"post-prev-img\"><a href=\"https:\/\/www.vigneticonte.it\/wp-content\/uploads\/2016\/04\/camera-blu.jpg\" class=\"lightbox-gallery-2 mfp-image\"><img decoding=\"async\" src=\"https:\/\/www.vigneticonte.it\/wp-content\/uploads\/2016\/04\/camera-blu.jpg\" alt=\"  \" \/><\/a><\/div><\/div><div  class=\"col-md-4 col-lg-4 col-sm-6 mb-md-10\"><div class=\"post-prev-img\"><a href=\"https:\/\/www.vigneticonte.it\/wp-content\/uploads\/2016\/04\/camera-lilla.jpg\" class=\"lightbox-gallery-2 mfp-image\"><img decoding=\"async\" src=\"https:\/\/www.vigneticonte.it\/wp-content\/uploads\/2016\/04\/camera-lilla.jpg\" alt=\"  \" \/><\/a><\/div><\/div><div  class=\"col-md-4 col-lg-4 col-sm-6 mb-md-10\"><div class=\"post-prev-img\"><a href=\"https:\/\/www.vigneticonte.it\/wp-content\/uploads\/2016\/04\/camera-verde.jpg\" class=\"lightbox-gallery-2 mfp-image\"><img decoding=\"async\" src=\"https:\/\/www.vigneticonte.it\/wp-content\/uploads\/2016\/04\/camera-verde.jpg\" alt=\"  \" \/><\/a><\/div><\/div><div  class=\"col-md-4 col-lg-4 col-sm-6 mb-md-10\"><div class=\"post-prev-img\"><a href=\"https:\/\/www.vigneticonte.it\/wp-content\/uploads\/2016\/04\/camere-la-contessa.jpg\" class=\"lightbox-gallery-2 mfp-image\"><img decoding=\"async\" src=\"https:\/\/www.vigneticonte.it\/wp-content\/uploads\/2016\/04\/camere-la-contessa.jpg\" alt=\"  \" \/><\/a><\/div><\/div><div  class=\"col-md-4 col-lg-4 col-sm-6 mb-md-10\"><div class=\"post-prev-img\"><a href=\"https:\/\/www.vigneticonte.it\/wp-content\/uploads\/2016\/04\/dettagli.jpg\" class=\"lightbox-gallery-2 mfp-image\"><img decoding=\"async\" src=\"https:\/\/www.vigneticonte.it\/wp-content\/uploads\/2016\/04\/dettagli.jpg\" alt=\"  \" \/><\/a><\/div><\/div><div  class=\"col-md-4 col-lg-4 col-sm-6 mb-md-10\"><div class=\"post-prev-img\"><a href=\"https:\/\/www.vigneticonte.it\/wp-content\/uploads\/2016\/04\/interni-camere-3.jpg\" class=\"lightbox-gallery-2 mfp-image\"><img decoding=\"async\" src=\"https:\/\/www.vigneticonte.it\/wp-content\/uploads\/2016\/04\/interni-camere-3.jpg\" alt=\"  \" \/><\/a><\/div><\/div><div  class=\"col-md-4 col-lg-4 col-sm-6 mb-md-10\"><div class=\"post-prev-img\"><a href=\"https:\/\/www.vigneticonte.it\/wp-content\/uploads\/2016\/04\/interni-camere.jpg\" class=\"lightbox-gallery-2 mfp-image\"><img decoding=\"async\" src=\"https:\/\/www.vigneticonte.it\/wp-content\/uploads\/2016\/04\/interni-camere.jpg\" alt=\"  \" \/><\/a><\/div><\/div><div  class=\"col-md-4 col-lg-4 col-sm-6 mb-md-10\"><div class=\"post-prev-img\"><a href=\"https:\/\/www.vigneticonte.it\/wp-content\/uploads\/2016\/04\/interni_camere_2.jpg\" class=\"lightbox-gallery-2 mfp-image\"><img decoding=\"async\" src=\"https:\/\/www.vigneticonte.it\/wp-content\/uploads\/2016\/04\/interni_camere_2.jpg\" alt=\"  \" \/><\/a><\/div><\/div><\/div><\/div><\/div><\/section><section  id=\"salaeventi\" class=\"content-section full-width is-fluid cover rella-no-padding rella-no-margin    content-section-69f37ce480604\"><div class=\"row vc_row-fluid\"><div class=\"wpb_column col-md-12\">\t<section class=\"split-section bg-gray-lighter\">\n\t\t<div class=\"clearfix relative\">\n\t\t\t\n\t\t\t<!-- Section Headings -->\n\t\t\t<div class=\"split-section-headings right\">\n\t\t\t\t<div class=\"ssh-table\">\n\t\t\t\t\t<div class=\"ssh-cell page-section bg-scroll\" data-background=\"https:\/\/www.vigneticonte.it\/wp-content\/uploads\/2016\/04\/sala-eventi.jpg\"><\/div>\n\t\t\t\t<\/div>\n\t\t\t<\/div>\n\t\t\t<!-- End Section Headings -->\n\t\t\t\n\t\t\t<!-- Section Content -->\n\t\t\t<div class=\"split-section-content page-section\">\n\t\t\t\t\n\t\t\t\t<div class=\"split-section-wrapper left\">\n\t\t\t\t\t\n\t\t\t\t\t<div class=\"text align-left\">\n\t\t\t\t\t\t\t\t\t\t\t\t<h2  class=\"section-title  mb-70 mb-sm-40 font-alt align-center\" >VERANSTALTUNGSRAUM<\/h2><div class=\"section-text text-block \" ><p>Die Kellerei bietet einen Veranstaltungsraum f\u00fcr private Events, Gesch\u00e4ftsessen und befindet sich in der Gesch\u00e4ftsburg. Der Raum ist f\u00fcr Treffen und kleine Tagungen geeignet und verf\u00fcgt \u00fcber WLAN-Verbindung.<\/p>\n<p>Auf Vorbestellung stellen wir einen hochqualifizierten Catering-Service zur Verf\u00fcgung, der lokale sowie typische sowohl Fleisch- als auch Fischgerichte anbietet. Unsere Tradition verbindet n\u00e4mlich die Meeres- und die Bergkultur und bietet unseren G\u00e4sten das Beste von denen an.<\/p>\n<p>Der Raum ist perfekt auch f\u00fcr Umtrunke, Firmenfeiern anl\u00e4sslich Jubil\u00e4en und Geburtstagsfeiern: Immer auf Vorbestellung kann die beste L\u00f6sung f\u00fcr Ihre Bed\u00fcrfnisse vereinbart werden.<\/p>\n<\/div>\t\t\t\t\t<\/div>\n\n\t\t\t\t\t\n\t\t\t\t<\/div>\n\t\t\t\t\n\t\t\t<\/div>\n\t\t\t<!-- End Section Content -->\n\t\n\t\t<\/div>\n\t<\/section>\n\t[vc_empty_space]<\/div><\/div><\/section><section  id=\"wineshop\" class=\"content-section full-width is-fluid cover rella-no-padding rella-no-margin    content-section-69f37ce480c1b\"><div class=\"row vc_row-fluid\"><div class=\"wpb_column col-md-12\">\t<section class=\"split-section bg-gray-lighter\">\n\t\t<div class=\"clearfix relative\">\n\t\t\t\n\t\t\t<!-- Section Headings -->\n\t\t\t<div class=\"split-section-headings left\">\n\t\t\t\t<div class=\"ssh-table\">\n\t\t\t\t\t<div class=\"ssh-cell page-section bg-scroll\" data-background=\"https:\/\/www.vigneticonte.it\/wp-content\/uploads\/2016\/04\/wine-shop.jpg\"><\/div>\n\t\t\t\t<\/div>\n\t\t\t<\/div>\n\t\t\t<!-- End Section Headings -->\n\t\t\t\n\t\t\t<!-- Section Content -->\n\t\t\t<div class=\"split-section-content page-section\">\n\t\t\t\t\n\t\t\t\t<div class=\"split-section-wrapper right\">\n\t\t\t\t\t\n\t\t\t\t\t<div class=\"text align-left\">\n\t\t\t\t\t\t\t\t\t\t\t\t<h2  class=\"section-title  mb-70 mb-sm-40 font-alt align-center\" >WINE SHOP<\/h2><div class=\"section-text text-block \" ><p>Der Shop ist von Dienstag bis Samstag mit folgenden Uhrzeiten ge\u00f6ffnet:<\/p>\n<ul>\n<li>Morgens: 9.30 &#8211; 13<\/li>\n<li>Nachmittags: 16 &#8211; 20.30<\/li>\n<\/ul>\n<p>Hier k\u00f6nnen Sie alle Weine, die im Weinanbaubetrieb hergestellt werden, sowie typische Produkte K\u00e4rntens und landwirtschaftliches Bier kaufen.<\/p>\n<p>\u00dcber das ganze Jahr und anl\u00e4sslich Weihnachten oder Ostern steht unser Personal zur Verf\u00fcgung, um Sie zu beraten und Geschenksets sowie spezielle Kompositionen und K\u00f6rben mit den Produkten anzubieten, die im Shop zu finden sind.<\/p>\n<\/div>[vc_btn title=&#8221;M\u00f6chten Sie online bestellen?&#8221; style=&#8221;classic&#8221; shape=&#8221;square&#8221; color=&#8221;black&#8221; align=&#8221;left&#8221; link=&#8221;url:https%3A%2F%2Fwww.vigneticonte.it%2Fde%2Fwine-shop%2F|title:Wine%20Shop||&#8221;]\t\t\t\t\t<\/div>\n\n\t\t\t\t\t\n\t\t\t\t<\/div>\n\t\t\t\t\n\t\t\t<\/div>\n\t\t\t<!-- End Section Content -->\n\t\n\t\t<\/div>\n\t<\/section>\n\t<\/div><\/div><\/section><section  id=\"contatti\" class=\"content-section full-width with-col cover custom-padding rella-no-margin    content-section-69f37ce481297\"><div class=\"row vc_row-fluid\"><div class=\"wpb_column col-md-12\"><h2  class=\"section-title  mb-70 mb-sm-40 font-alt align-center\" >KONTAKT<\/h2><\/div><\/div><\/section><section  id=\"contatti\" class=\"content-section full-width with-col cover rella-no-padding mb-70 mb-xs-50    content-section-69f37ce48148f\"><div class=\"row vc_row-fluid\"><div class=\"wpb_column col-md-8 col-md-offset-2 col-sm-offset-0\"><section  class=\"content-section full-width with-col cover rella-no-padding rella-no-margin    content-section-69f37ce481668\"><div class=\"row vc_row-fluid\"><div class=\"wpb_column col-md-4 col-sm-6\"><div class=\"pt-20 pb-20 pb-xs-0\" ><div class=\"contact-item\"><div class=\"ci-icon \" ><i class=\"fa fa-phone\"><\/i><\/div><div class=\"ci-title font-alt\" >Telefono<\/div><div class=\"ci-text\" style=\"font-size:15px;\">+ 39 338 2598057<\/div><\/div><\/div><\/div><div class=\"wpb_column col-md-4\"><div class=\"pt-20 pb-20 pb-xs-0\" ><div class=\"contact-item\"><div class=\"ci-icon \" ><i class=\"fa fa-map-marker\"><\/i><\/div><div class=\"ci-title font-alt\" style=\"font-size:12px;\">INDIRIZZO<\/div><div class=\"ci-text\" style=\"font-size:15px;\">Via Petrarca, 24<br \/>\n34074 Monfalcone (GO)<br \/>\n-Italy-<\/div><\/div><\/div><\/div><div class=\"wpb_column col-md-4\"><div class=\"pt-20 pb-20 pb-xs-0\" ><div class=\"contact-item\"><div class=\"ci-icon \" ><i class=\"fa fa-envelope\"><\/i><\/div><div class=\"ci-title font-alt\" >EMAIL<\/div><div class=\"ci-text\" style=\"font-size:15px;\">vigneticonte@gmail.com<\/div><\/div><\/div><\/div><\/div><\/section>[vc_gmaps link=&#8221;#E-8_JTNDaWZyYW1lJTIwc3JjJTNEJTIyaHR0cHMlM0ElMkYlMkZ3d3cuZ29vZ2xlLmNvbSUyRm1hcHMlMkZlbWJlZCUzRnBiJTNEJTIxMW0xOCUyMTFtMTIlMjExbTMlMjExZDI3ODEuMDUxOTMyNDI2MDg2OCUyMTJkMTMuNTExMzg0MTUwNjkyNjgzJTIxM2Q0NS44MTAyMTgzMTgyMDcwNCUyMTJtMyUyMTFmMCUyMTJmMCUyMTNmMCUyMTNtMiUyMTFpMTAyNCUyMTJpNzY4JTIxNGYxMy4xJTIxM20zJTIxMW0yJTIxMXMweDQ3N2JhNzY3NmIzYjFjODUlMjUzQTB4NzYzZDA1YzQ1NzQ2MjBmMyUyMTJzVmlnbmV0aSUyNTIwQ29udGUlMjUyMC0lMjUyMExhJTI1MjBDb250ZXNzYSUyMTVlMCUyMTNtMiUyMTFzaXQlMjEyc2l0JTIxNHYxNTgyNjM3ODMxOTM1JTIxNW0yJTIxMXNpdCUyMTJzaXQlMjIlMjB3aWR0aCUzRCUyMjYwMCUyMiUyMGhlaWdodCUzRCUyMjQ1MCUyMiUyMGZyYW1lYm9yZGVyJTNEJTIyMCUyMiUyMHN0eWxlJTNEJTIyYm9yZGVyJTNBMCUzQiUyMiUyMGFsbG93ZnVsbHNjcmVlbiUzRCUyMiUyMiUzRSUzQyUyRmlmcmFtZSUzRQ==&#8221;]<\/div><\/div><\/section>\n<\/div>","protected":false},"excerpt":{"rendered":"B&amp;B La Contessa [vc_separator color=\"black\" border_width=\"5\" el_width=\"60\"]Vigneti Conte VIGNETI CONTEVigneti Conte ist ein historischer Weinanbaubetrieb, der einzige, der sich am Rand der Stadt Monfalcone befindet. Er wurde vor kurzem renoviert und erweitert, um allen anh\u00e4nglichen Kunden auch einen Ort zum Kosten von Weinen und lokalen Produkten anzubieten. Zur Verf\u00fcgung steht auch ein gro\u00dfer Innen- und","protected":false},"author":1,"featured_media":0,"parent":0,"menu_order":0,"comment_status":"closed","ping_status":"closed","template":"","meta":{"footnotes":""},"class_list":["post-165","page","type-page","status-publish","hentry"],"_links":{"self":[{"href":"https:\/\/www.vigneticonte.it\/de\/wp-json\/wp\/v2\/pages\/165","targetHints":{"allow":["GET"]}}],"collection":[{"href":"https:\/\/www.vigneticonte.it\/de\/wp-json\/wp\/v2\/pages"}],"about":[{"href":"https:\/\/www.vigneticonte.it\/de\/wp-json\/wp\/v2\/types\/page"}],"author":[{"embeddable":true,"href":"https:\/\/www.vigneticonte.it\/de\/wp-json\/wp\/v2\/users\/1"}],"replies":[{"embeddable":true,"href":"https:\/\/www.vigneticonte.it\/de\/wp-json\/wp\/v2\/comments?post=165"}],"version-history":[{"count":13,"href":"https:\/\/www.vigneticonte.it\/de\/wp-json\/wp\/v2\/pages\/165\/revisions"}],"predecessor-version":[{"id":539,"href":"https:\/\/www.vigneticonte.it\/de\/wp-json\/wp\/v2\/pages\/165\/revisions\/539"}],"wp:attachment":[{"href":"https:\/\/www.vigneticonte.it\/de\/wp-json\/wp\/v2\/media?parent=165"}],"curies":[{"name":"wp","href":"https:\/\/api.w.org\/{rel}","templated":true}]}}